{"id":38525,"date":"2023-11-02T15:08:54","date_gmt":"2023-11-02T15:08:54","guid":{"rendered":"https:\/\/www.paris-b.com\/?post_type=viewing-room&#038;p=38525"},"modified":"2024-12-12T16:09:45","modified_gmt":"2024-12-12T16:09:45","slug":"paris-photo-2023-vr","status":"publish","type":"viewing-room","link":"https:\/\/www.paris-b.com\/fr\/viewing-room\/paris-photo-2023-vr\/","title":{"rendered":"PARIS PHOTO 2023"},"content":{"rendered":"\t\t<div data-elementor-type=\"wp-post\" data-elementor-id=\"38525\" class=\"elementor elementor-38525 elementor-38424\">\n\t\t\t\t\t\t\t\t\t<section class=\"elementor-section elementor-top-section elementor-element elementor-element-e171c95 elementor-section-boxed elementor-section-height-default elementor-section-height-default\" data-id=\"e171c95\" data-element_type=\"section\">\n\t\t\t\t\t\t<div class=\"elementor-container elementor-column-gap-default\">\n\t\t\t\t\t<div class=\"elementor-column elementor-col-100 elementor-top-column elementor-element elementor-element-a5ff7fd\" data-id=\"a5ff7fd\" data-element_type=\"column\">\n\t\t\t<div class=\"elementor-widget-wrap elementor-element-populated\">\n\t\t\t\t\t\t\t\t<div class=\"elementor-element elementor-element-71a7a5c elementor-hidden-mobile elementor-widget elementor-widget-spacer\" data-id=\"71a7a5c\" data-element_type=\"widget\" data-widget_type=\"spacer.default\">\n\t\t\t\t<div class=\"elementor-widget-container\">\n\t\t\t<style>\/*! elementor - v3.18.0 - 20-12-2023 *\/\n.elementor-column .elementor-spacer-inner{height:var(--spacer-size)}.e-con{--container-widget-width:100%}.e-con-inner>.elementor-widget-spacer,.e-con>.elementor-widget-spacer{width:var(--container-widget-width,var(--spacer-size));--align-self:var(--container-widget-align-self,initial);--flex-shrink:0}.e-con-inner>.elementor-widget-spacer>.elementor-widget-container,.e-con>.elementor-widget-spacer>.elementor-widget-container{height:100%;width:100%}.e-con-inner>.elementor-widget-spacer>.elementor-widget-container>.elementor-spacer,.e-con>.elementor-widget-spacer>.elementor-widget-container>.elementor-spacer{height:100%}.e-con-inner>.elementor-widget-spacer>.elementor-widget-container>.elementor-spacer>.elementor-spacer-inner,.e-con>.elementor-widget-spacer>.elementor-widget-container>.elementor-spacer>.elementor-spacer-inner{height:var(--container-widget-height,var(--spacer-size))}.e-con-inner>.elementor-widget-spacer.elementor-widget-empty,.e-con>.elementor-widget-spacer.elementor-widget-empty{position:relative;min-height:22px;min-width:22px}.e-con-inner>.elementor-widget-spacer.elementor-widget-empty .elementor-widget-empty-icon,.e-con>.elementor-widget-spacer.elementor-widget-empty .elementor-widget-empty-icon{position:absolute;top:0;bottom:0;left:0;right:0;margin:auto;padding:0;width:22px;height:22px}<\/style>\t\t<div class=\"elementor-spacer\">\n\t\t\t<div class=\"elementor-spacer-inner\"><\/div>\n\t\t<\/div>\n\t\t\t\t<\/div>\n\t\t\t\t<\/div>\n\t\t\t\t\t<\/div>\n\t\t<\/div>\n\t\t\t\t\t\t\t<\/div>\n\t\t<\/section>\n\t\t\t\t<section class=\"elementor-section elementor-top-section elementor-element elementor-element-d1a91fd elementor-section-boxed elementor-section-height-default elementor-section-height-default\" data-id=\"d1a91fd\" data-element_type=\"section\">\n\t\t\t\t\t\t<div class=\"elementor-container elementor-column-gap-default\">\n\t\t\t\t\t<div class=\"elementor-column elementor-col-100 elementor-top-column elementor-element elementor-element-c39690a\" data-id=\"c39690a\" data-element_type=\"column\">\n\t\t\t<div class=\"elementor-widget-wrap elementor-element-populated\">\n\t\t\t\t\t\t\t\t<div class=\"elementor-element elementor-element-3ecb56f elementor-widget elementor-widget-heading\" data-id=\"3ecb56f\" data-element_type=\"widget\" data-widget_type=\"heading.default\">\n\t\t\t\t<div class=\"elementor-widget-container\">\n\t\t\t<style>\/*! elementor - v3.18.0 - 20-12-2023 *\/\n.elementor-heading-title{padding:0;margin:0;line-height:1}.elementor-widget-heading .elementor-heading-title[class*=elementor-size-]>a{color:inherit;font-size:inherit;line-height:inherit}.elementor-widget-heading .elementor-heading-title.elementor-size-small{font-size:15px}.elementor-widget-heading .elementor-heading-title.elementor-size-medium{font-size:19px}.elementor-widget-heading .elementor-heading-title.elementor-size-large{font-size:29px}.elementor-widget-heading .elementor-heading-title.elementor-size-xl{font-size:39px}.elementor-widget-heading .elementor-heading-title.elementor-size-xxl{font-size:59px}<\/style><h1 class=\"elementor-heading-title elementor-size-default\">PARIS PHOTO 2023<\/h1>\t\t<\/div>\n\t\t\t\t<\/div>\n\t\t\t\t\t<\/div>\n\t\t<\/div>\n\t\t\t\t\t\t\t<\/div>\n\t\t<\/section>\n\t\t\t\t<section class=\"elementor-section elementor-top-section elementor-element elementor-element-d48e91d elementor-hidden-mobile elementor-section-boxed elementor-section-height-default elementor-section-height-default\" data-id=\"d48e91d\" data-element_type=\"section\">\n\t\t\t\t\t\t<div class=\"elementor-container elementor-column-gap-default\">\n\t\t\t\t\t<div class=\"elementor-column elementor-col-100 elementor-top-column elementor-element elementor-element-36bfa97\" data-id=\"36bfa97\" data-element_type=\"column\">\n\t\t\t<div class=\"elementor-widget-wrap elementor-element-populated\">\n\t\t\t\t\t\t\t\t<div class=\"elementor-element elementor-element-115fea30 elementor-hidden-mobile elementor-widget elementor-widget-heading\" data-id=\"115fea30\" data-element_type=\"widget\" data-widget_type=\"heading.default\">\n\t\t\t\t<div class=\"elementor-widget-container\">\n\t\t\t<h1 class=\"elementor-heading-title elementor-size-default\"><span data-elementor-setting-key=\"title\" data-pen-placeholder=\"Type Here...\" style=\"clear: both; margin-bottom: 0.7em; text-rendering: optimizeLegibility; color: rgb(156, 156, 155); line-height: 40px; text-transform: capitalize;\">Baptiste Rabichon, Dune Varela, Yang Yongliang, Zhang Kechun<\/span><\/h1>\t\t<\/div>\n\t\t\t\t<\/div>\n\t\t\t\t<div class=\"elementor-element elementor-element-439caad3 elementor-widget elementor-widget-heading\" data-id=\"439caad3\" data-element_type=\"widget\" data-widget_type=\"heading.default\">\n\t\t\t\t<div class=\"elementor-widget-container\">\n\t\t\t<h2 class=\"elementor-heading-title elementor-size-default\">9 - 12 novembre, 2023<\/h2>\t\t<\/div>\n\t\t\t\t<\/div>\n\t\t\t\t<div class=\"elementor-element elementor-element-bba69da elementor-widget elementor-widget-spacer\" data-id=\"bba69da\" data-element_type=\"widget\" data-widget_type=\"spacer.default\">\n\t\t\t\t<div class=\"elementor-widget-container\">\n\t\t\t\t\t<div class=\"elementor-spacer\">\n\t\t\t<div class=\"elementor-spacer-inner\"><\/div>\n\t\t<\/div>\n\t\t\t\t<\/div>\n\t\t\t\t<\/div>\n\t\t\t\t\t<\/div>\n\t\t<\/div>\n\t\t\t\t\t\t\t<\/div>\n\t\t<\/section>\n\t\t\t\t<section class=\"elementor-section elementor-top-section elementor-element elementor-element-78b28ce elementor-section-boxed elementor-section-height-default elementor-section-height-default\" data-id=\"78b28ce\" data-element_type=\"section\">\n\t\t\t\t\t\t<div class=\"elementor-container elementor-column-gap-default\">\n\t\t\t\t\t<div class=\"elementor-column elementor-col-50 elementor-top-column elementor-element elementor-element-640b571\" data-id=\"640b571\" data-element_type=\"column\">\n\t\t\t<div class=\"elementor-widget-wrap elementor-element-populated\">\n\t\t\t\t\t\t\t\t<div class=\"elementor-element elementor-element-9cc02aa elementor-hidden-desktop elementor-hidden-tablet elementor-widget elementor-widget-heading\" data-id=\"9cc02aa\" data-element_type=\"widget\" data-widget_type=\"heading.default\">\n\t\t\t\t<div class=\"elementor-widget-container\">\n\t\t\t<h3 class=\"elementor-heading-title elementor-size-medium\">NOV 9th - NOV 12th, 2023<\/h3>\t\t<\/div>\n\t\t\t\t<\/div>\n\t\t\t\t<div class=\"elementor-element elementor-element-867fe9a elementor-widget elementor-widget-heading\" data-id=\"867fe9a\" data-element_type=\"widget\" data-widget_type=\"heading.default\">\n\t\t\t\t<div class=\"elementor-widget-container\">\n\t\t\t<h3 class=\"elementor-heading-title elementor-size-medium\">Grand Palais \u00c9ph\u00e9m\u00e8re  - STAND C21<\/h3>\t\t<\/div>\n\t\t\t\t<\/div>\n\t\t\t\t\t<\/div>\n\t\t<\/div>\n\t\t\t\t<div class=\"elementor-column elementor-col-50 elementor-top-column elementor-element elementor-element-bf92c9f\" data-id=\"bf92c9f\" data-element_type=\"column\">\n\t\t\t<div class=\"elementor-widget-wrap elementor-element-populated\">\n\t\t\t\t\t\t\t\t<div class=\"elementor-element elementor-element-32b4859 elementor-hidden-desktop elementor-hidden-mobile elementor-hidden-tablet elementor-widget elementor-widget-spacer\" data-id=\"32b4859\" data-element_type=\"widget\" data-widget_type=\"spacer.default\">\n\t\t\t\t<div class=\"elementor-widget-container\">\n\t\t\t\t\t<div class=\"elementor-spacer\">\n\t\t\t<div class=\"elementor-spacer-inner\"><\/div>\n\t\t<\/div>\n\t\t\t\t<\/div>\n\t\t\t\t<\/div>\n\t\t\t\t<div class=\"elementor-element elementor-element-b837707 elementor-widget elementor-widget-text-editor\" data-id=\"b837707\" data-element_type=\"widget\" data-widget_type=\"text-editor.default\">\n\t\t\t\t<div class=\"elementor-widget-container\">\n\t\t\t<style>\/*! elementor - v3.18.0 - 20-12-2023 *\/\n.elementor-widget-text-editor.elementor-drop-cap-view-stacked .elementor-drop-cap{background-color:#69727d;color:#fff}.elementor-widget-text-editor.elementor-drop-cap-view-framed .elementor-drop-cap{color:#69727d;border:3px solid;background-color:transparent}.elementor-widget-text-editor:not(.elementor-drop-cap-view-default) .elementor-drop-cap{margin-top:8px}.elementor-widget-text-editor:not(.elementor-drop-cap-view-default) .elementor-drop-cap-letter{width:1em;height:1em}.elementor-widget-text-editor .elementor-drop-cap{float:left;text-align:center;line-height:1;font-size:50px}.elementor-widget-text-editor .elementor-drop-cap-letter{display:inline-block}<\/style>\t\t\t\t\t\t\t\t\t\t<\/div>\n\t\t\t\t<\/div>\n\t\t\t\t<div class=\"elementor-element elementor-element-2348fb0 elementor-hidden-desktop elementor-hidden-mobile elementor-hidden-tablet elementor-widget elementor-widget-spacer\" data-id=\"2348fb0\" data-element_type=\"widget\" data-widget_type=\"spacer.default\">\n\t\t\t\t<div class=\"elementor-widget-container\">\n\t\t\t\t\t<div class=\"elementor-spacer\">\n\t\t\t<div class=\"elementor-spacer-inner\"><\/div>\n\t\t<\/div>\n\t\t\t\t<\/div>\n\t\t\t\t<\/div>\n\t\t\t\t\t<\/div>\n\t\t<\/div>\n\t\t\t\t\t\t\t<\/div>\n\t\t<\/section>\n\t\t\t\t<section class=\"elementor-section elementor-top-section elementor-element elementor-element-83bf65a elementor-section-boxed elementor-section-height-default elementor-section-height-default\" data-id=\"83bf65a\" data-element_type=\"section\">\n\t\t\t\t\t\t<div class=\"elementor-container elementor-column-gap-default\">\n\t\t\t\t\t<div class=\"elementor-column elementor-col-100 elementor-top-column elementor-element elementor-element-27e6735\" data-id=\"27e6735\" data-element_type=\"column\">\n\t\t\t<div class=\"elementor-widget-wrap elementor-element-populated\">\n\t\t\t\t\t\t\t\t<div class=\"elementor-element elementor-element-14c0a2e elementor-widget elementor-widget-spacer\" data-id=\"14c0a2e\" data-element_type=\"widget\" data-widget_type=\"spacer.default\">\n\t\t\t\t<div class=\"elementor-widget-container\">\n\t\t\t\t\t<div class=\"elementor-spacer\">\n\t\t\t<div class=\"elementor-spacer-inner\"><\/div>\n\t\t<\/div>\n\t\t\t\t<\/div>\n\t\t\t\t<\/div>\n\t\t\t\t\t<\/div>\n\t\t<\/div>\n\t\t\t\t\t\t\t<\/div>\n\t\t<\/section>\n\t\t\t\t<section class=\"elementor-section elementor-top-section elementor-element elementor-element-1d38ab3 elementor-section-full_width elementor-section-height-min-height elementor-section-items-stretch elementor-section-stretched animated-slow elementor-hidden-mobile elementor-section-height-default elementor-invisible\" data-id=\"1d38ab3\" data-element_type=\"section\" data-settings=\"{&quot;stretch_section&quot;:&quot;section-stretched&quot;,&quot;background_background&quot;:&quot;classic&quot;,&quot;animation&quot;:&quot;fadeIn&quot;,&quot;animation_delay&quot;:100}\">\n\t\t\t\t\t\t\t<div class=\"elementor-background-overlay\"><\/div>\n\t\t\t\t\t\t\t<div class=\"elementor-container elementor-column-gap-no\">\n\t\t\t\t\t<div class=\"elementor-column elementor-col-100 elementor-top-column elementor-element elementor-element-c2eb039\" data-id=\"c2eb039\" data-element_type=\"column\">\n\t\t\t<div class=\"elementor-widget-wrap\">\n\t\t\t\t\t\t\t\t\t<\/div>\n\t\t<\/div>\n\t\t\t\t\t\t\t<\/div>\n\t\t<\/section>\n\t\t\t\t<section class=\"elementor-section elementor-top-section elementor-element elementor-element-9471e58 elementor-section-boxed elementor-section-height-default elementor-section-height-default\" data-id=\"9471e58\" data-element_type=\"section\">\n\t\t\t\t\t\t<div class=\"elementor-container elementor-column-gap-default\">\n\t\t\t\t\t<div class=\"elementor-column elementor-col-100 elementor-top-column elementor-element elementor-element-90e5959\" data-id=\"90e5959\" data-element_type=\"column\">\n\t\t\t<div class=\"elementor-widget-wrap elementor-element-populated\">\n\t\t\t\t\t\t\t\t<div class=\"elementor-element elementor-element-df05bfc elementor-hidden-mobile elementor-widget elementor-widget-spacer\" data-id=\"df05bfc\" data-element_type=\"widget\" data-widget_type=\"spacer.default\">\n\t\t\t\t<div class=\"elementor-widget-container\">\n\t\t\t\t\t<div class=\"elementor-spacer\">\n\t\t\t<div class=\"elementor-spacer-inner\"><\/div>\n\t\t<\/div>\n\t\t\t\t<\/div>\n\t\t\t\t<\/div>\n\t\t\t\t\t<\/div>\n\t\t<\/div>\n\t\t\t\t\t\t\t<\/div>\n\t\t<\/section>\n\t\t\t\t<section class=\"elementor-section elementor-top-section elementor-element elementor-element-642e522 elementor-section-boxed elementor-section-height-default elementor-section-height-default\" data-id=\"642e522\" data-element_type=\"section\">\n\t\t\t\t\t\t<div class=\"elementor-container elementor-column-gap-default\">\n\t\t\t\t\t<div class=\"elementor-column elementor-col-50 elementor-top-column elementor-element elementor-element-ecbe3db\" data-id=\"ecbe3db\" data-element_type=\"column\">\n\t\t\t<div class=\"elementor-widget-wrap elementor-element-populated\">\n\t\t\t\t\t\t\t\t<div class=\"elementor-element elementor-element-de123da elementor-widget elementor-widget-heading\" data-id=\"de123da\" data-element_type=\"widget\" data-widget_type=\"heading.default\">\n\t\t\t\t<div class=\"elementor-widget-container\">\n\t\t\t<h3 class=\"elementor-heading-title elementor-size-default\">BAPTISTE RABICHON<\/h3>\t\t<\/div>\n\t\t\t\t<\/div>\n\t\t\t\t<div class=\"elementor-element elementor-element-7dfe955 elementor-hidden-mobile elementor-widget elementor-widget-spacer\" data-id=\"7dfe955\" data-element_type=\"widget\" data-widget_type=\"spacer.default\">\n\t\t\t\t<div class=\"elementor-widget-container\">\n\t\t\t\t\t<div class=\"elementor-spacer\">\n\t\t\t<div class=\"elementor-spacer-inner\"><\/div>\n\t\t<\/div>\n\t\t\t\t<\/div>\n\t\t\t\t<\/div>\n\t\t\t\t<div class=\"elementor-element elementor-element-cb1e55a elementor-widget elementor-widget-image\" data-id=\"cb1e55a\" data-element_type=\"widget\" data-widget_type=\"image.default\">\n\t\t\t\t<div class=\"elementor-widget-container\">\n\t\t\t<style>\/*! elementor - v3.18.0 - 20-12-2023 *\/\n.elementor-widget-image{text-align:center}.elementor-widget-image a{display:inline-block}.elementor-widget-image a img[src$=\".svg\"]{width:48px}.elementor-widget-image img{vertical-align:middle;display:inline-block}<\/style>\t\t\t\t\t\t\t\t\t<figure class=\"wp-caption\">\n\t\t\t\t\t\t\t\t\t\t<img fetchpriority=\"high\" decoding=\"async\" width=\"840\" height=\"1187\" src=\"https:\/\/www.paris-b.com\/wp-content\/uploads\/2023\/11\/Baptiste_-Rabichon_ranelagh23_2016_e\u0301preuve-chromoge\u0300ne-unique_127x90cm-889x1256.jpg\" class=\"attachment-large size-large wp-image-38434\" alt=\"Baptiste_-Rabichon_ranelagh23_2016_e\u0301preuve-chromoge\u0300ne-unique_127x90cm\" srcset=\"https:\/\/www.paris-b.com\/wp-content\/uploads\/2023\/11\/Baptiste_-Rabichon_ranelagh23_2016_e\u0301preuve-chromoge\u0300ne-unique_127x90cm-889x1256.jpg 889w, https:\/\/www.paris-b.com\/wp-content\/uploads\/2023\/11\/Baptiste_-Rabichon_ranelagh23_2016_e\u0301preuve-chromoge\u0300ne-unique_127x90cm-496x700.jpg 496w, https:\/\/www.paris-b.com\/wp-content\/uploads\/2023\/11\/Baptiste_-Rabichon_ranelagh23_2016_e\u0301preuve-chromoge\u0300ne-unique_127x90cm-1087x1536.jpg 1087w, https:\/\/www.paris-b.com\/wp-content\/uploads\/2023\/11\/Baptiste_-Rabichon_ranelagh23_2016_e\u0301preuve-chromoge\u0300ne-unique_127x90cm-1450x2048.jpg 1450w, https:\/\/www.paris-b.com\/wp-content\/uploads\/2023\/11\/Baptiste_-Rabichon_ranelagh23_2016_e\u0301preuve-chromoge\u0300ne-unique_127x90cm-1200x1695.jpg 1200w, https:\/\/www.paris-b.com\/wp-content\/uploads\/2023\/11\/Baptiste_-Rabichon_ranelagh23_2016_e\u0301preuve-chromoge\u0300ne-unique_127x90cm.jpg 1600w\" sizes=\"(max-width: 709px) 85vw, (max-width: 909px) 67vw, (max-width: 1362px) 62vw, 840px\" \/>\t\t\t\t\t\t\t\t\t\t\t<figcaption class=\"widget-image-caption wp-caption-text\">Baptiste Rabichon, Ranelagh, 2026, \u00e9preuve chromog\u00e8ne unique, 127 x 90 cm<\/figcaption>\n\t\t\t\t\t\t\t\t\t\t<\/figure>\n\t\t\t\t\t\t\t\t\t<\/div>\n\t\t\t\t<\/div>\n\t\t\t\t<div class=\"elementor-element elementor-element-53e49cb elementor-widget elementor-widget-spacer\" data-id=\"53e49cb\" data-element_type=\"widget\" data-widget_type=\"spacer.default\">\n\t\t\t\t<div class=\"elementor-widget-container\">\n\t\t\t\t\t<div class=\"elementor-spacer\">\n\t\t\t<div class=\"elementor-spacer-inner\"><\/div>\n\t\t<\/div>\n\t\t\t\t<\/div>\n\t\t\t\t<\/div>\n\t\t\t\t\t<\/div>\n\t\t<\/div>\n\t\t\t\t<div class=\"elementor-column elementor-col-50 elementor-top-column elementor-element elementor-element-b809ee6\" data-id=\"b809ee6\" data-element_type=\"column\">\n\t\t\t<div class=\"elementor-widget-wrap elementor-element-populated\">\n\t\t\t\t\t\t\t\t<div class=\"elementor-element elementor-element-d4624de elementor-hidden-tablet elementor-hidden-mobile elementor-widget elementor-widget-spacer\" data-id=\"d4624de\" data-element_type=\"widget\" data-widget_type=\"spacer.default\">\n\t\t\t\t<div class=\"elementor-widget-container\">\n\t\t\t\t\t<div class=\"elementor-spacer\">\n\t\t\t<div class=\"elementor-spacer-inner\"><\/div>\n\t\t<\/div>\n\t\t\t\t<\/div>\n\t\t\t\t<\/div>\n\t\t\t\t<div class=\"elementor-element elementor-element-6434e89 elementor-widget elementor-widget-text-editor\" data-id=\"6434e89\" data-element_type=\"widget\" data-widget_type=\"text-editor.default\">\n\t\t\t\t<div class=\"elementor-widget-container\">\n\t\t\t\t\t\t\t<p>Baptiste Rabichon compose ses photographies tel un peintre. Une feuille de papier RC couleur est sa toile vierge, un territoire d\u2019exp\u00e9rimentation pour ses proc\u00e9d\u00e9s de composition, m\u00ealant photographie analogique, images num\u00e9riques et projections d\u2019objets divers appartenant \u00e0 son quotidien. C\u2019est dans l\u2019obscurit\u00e9 de la chambre noire qu\u2019il rassemble ses souvenirs en bouleversant notre rapport \u00e0 la photographie. Des fleurs cueillies quelques jours auparavant sont pos\u00e9es sur l\u2019agrandisseur et m\u00eal\u00e9es \u00e0 des clich\u00e9s pr\u00e9existants r\u00e9colt\u00e9s sur internet ou dans des magazines<\/p>\t\t\t\t\t\t<\/div>\n\t\t\t\t<\/div>\n\t\t\t\t\t<\/div>\n\t\t<\/div>\n\t\t\t\t\t\t\t<\/div>\n\t\t<\/section>\n\t\t\t\t<section class=\"elementor-section elementor-top-section elementor-element elementor-element-87c99bd elementor-section-boxed elementor-section-height-default elementor-section-height-default\" data-id=\"87c99bd\" data-element_type=\"section\">\n\t\t\t\t\t\t<div class=\"elementor-container elementor-column-gap-default\">\n\t\t\t\t\t<div class=\"elementor-column elementor-col-100 elementor-top-column elementor-element elementor-element-748342c\" data-id=\"748342c\" data-element_type=\"column\">\n\t\t\t<div class=\"elementor-widget-wrap elementor-element-populated\">\n\t\t\t\t\t\t\t\t<div class=\"elementor-element elementor-element-23f46df elementor-widget elementor-widget-image\" data-id=\"23f46df\" data-element_type=\"widget\" data-widget_type=\"image.default\">\n\t\t\t\t<div class=\"elementor-widget-container\">\n\t\t\t\t\t\t\t\t\t\t\t\t<figure class=\"wp-caption\">\n\t\t\t\t\t\t\t\t\t\t<img decoding=\"async\" width=\"840\" height=\"560\" src=\"https:\/\/www.paris-b.com\/wp-content\/uploads\/2023\/11\/Baptiste-Rabichon_A-linterieur-cet-ete_vue-exposition_2019_Courtesy-PARIS-B-1256x837.jpg\" class=\"attachment-large size-large wp-image-38436\" alt=\"Baptiste-Rabichon_A-l&#039;interieur-cet-ete_vue-exposition_2019_Courtesy-PARIS-B\" srcset=\"https:\/\/www.paris-b.com\/wp-content\/uploads\/2023\/11\/Baptiste-Rabichon_A-linterieur-cet-ete_vue-exposition_2019_Courtesy-PARIS-B-1256x837.jpg 1256w, https:\/\/www.paris-b.com\/wp-content\/uploads\/2023\/11\/Baptiste-Rabichon_A-linterieur-cet-ete_vue-exposition_2019_Courtesy-PARIS-B-700x467.jpg 700w, https:\/\/www.paris-b.com\/wp-content\/uploads\/2023\/11\/Baptiste-Rabichon_A-linterieur-cet-ete_vue-exposition_2019_Courtesy-PARIS-B-1536x1024.jpg 1536w, https:\/\/www.paris-b.com\/wp-content\/uploads\/2023\/11\/Baptiste-Rabichon_A-linterieur-cet-ete_vue-exposition_2019_Courtesy-PARIS-B-2048x1365.jpg 2048w, https:\/\/www.paris-b.com\/wp-content\/uploads\/2023\/11\/Baptiste-Rabichon_A-linterieur-cet-ete_vue-exposition_2019_Courtesy-PARIS-B-1200x800.jpg 1200w\" sizes=\"(max-width: 709px) 85vw, (max-width: 909px) 67vw, (max-width: 1362px) 62vw, 840px\" \/>\t\t\t\t\t\t\t\t\t\t\t<figcaption class=\"widget-image-caption wp-caption-text\">Baptiste Rabichon, A l'int\u00e9rieur cet \u00e9t\u00e9, vue d'exposition, PARIS-B, 2019<\/figcaption>\n\t\t\t\t\t\t\t\t\t\t<\/figure>\n\t\t\t\t\t\t\t\t\t<\/div>\n\t\t\t\t<\/div>\n\t\t\t\t<div class=\"elementor-element elementor-element-748ce99 elementor-hidden-tablet elementor-hidden-mobile elementor-widget elementor-widget-spacer\" data-id=\"748ce99\" data-element_type=\"widget\" data-widget_type=\"spacer.default\">\n\t\t\t\t<div class=\"elementor-widget-container\">\n\t\t\t\t\t<div class=\"elementor-spacer\">\n\t\t\t<div class=\"elementor-spacer-inner\"><\/div>\n\t\t<\/div>\n\t\t\t\t<\/div>\n\t\t\t\t<\/div>\n\t\t\t\t<div class=\"elementor-element elementor-element-15e8fe7 elementor-widget elementor-widget-text-editor\" data-id=\"15e8fe7\" data-element_type=\"widget\" data-widget_type=\"text-editor.default\">\n\t\t\t\t<div class=\"elementor-widget-container\">\n\t\t\t\t\t\t\t<p><em>N\u00e9 \u00e0 Montpellier en 1987, Baptiste Rabichon vit et travaille \u00e0 Paris. Apr\u00e8s des \u00e9tudes de viticulture et d\u2019oenologie, il rentre \u00e0 l\u2019ENSA Dijon en 2009, \u00e0 l\u2019ENSBA Lyon en 2011 et \u00e0 l\u2019ENSBA Paris en 2012. En 2015 il int\u00e8gre le Studio National des Arts Contemporains (Le Fresnoy) dont il sort dipl\u00f4m\u00e9 en 2017 avec les f\u00e9licitations du jury. Il est laur\u00e9at 2017 de la r\u00e9sidence BMW et expose au 63\u00e8me Salon de Montrouge en 2018.<\/em><\/p><p><em><a href=\"https:\/\/www.paris-b.com\/fr\/artiste\/baptiste-rabichon\/\" target=\"_blank\" rel=\"noopener\"><span style=\"text-decoration: underline;\">En savoir plus sur l&rsquo;artiste<\/span><\/a><\/em><\/p>\t\t\t\t\t\t<\/div>\n\t\t\t\t<\/div>\n\t\t\t\t<div class=\"elementor-element elementor-element-510cf05 elementor-align-left elementor-widget elementor-widget-button\" data-id=\"510cf05\" data-element_type=\"widget\" data-widget_type=\"button.default\">\n\t\t\t\t<div class=\"elementor-widget-container\">\n\t\t\t\t\t<div class=\"elementor-button-wrapper\">\n\t\t\t<a class=\"elementor-button elementor-button-link elementor-size-md\" href=\"#elementor-action%3Aaction%3Dpopup%3Aopen%26settings%3DeyJpZCI6MzI1NTksInRvZ2dsZSI6ZmFsc2V9\" artwork=\"Baptiste Rabichon - Catalogue of works\">\n\t\t\t\t\t\t<span class=\"elementor-button-content-wrapper\">\n\t\t\t\t\t\t<span class=\"elementor-button-text\">NOUS DEMANDER LE CATALOGUE DES OEUVRES DE BAPTISTE RABICHON<\/span>\n\t\t<\/span>\n\t\t\t\t\t<\/a>\n\t\t<\/div>\n\t\t\t\t<\/div>\n\t\t\t\t<\/div>\n\t\t\t\t<div class=\"elementor-element elementor-element-e54ea81 elementor-hidden-mobile elementor-widget elementor-widget-spacer\" data-id=\"e54ea81\" data-element_type=\"widget\" data-widget_type=\"spacer.default\">\n\t\t\t\t<div class=\"elementor-widget-container\">\n\t\t\t\t\t<div class=\"elementor-spacer\">\n\t\t\t<div class=\"elementor-spacer-inner\"><\/div>\n\t\t<\/div>\n\t\t\t\t<\/div>\n\t\t\t\t<\/div>\n\t\t\t\t\t<\/div>\n\t\t<\/div>\n\t\t\t\t\t\t\t<\/div>\n\t\t<\/section>\n\t\t\t\t<section class=\"elementor-section elementor-top-section elementor-element elementor-element-64fed49 elementor-section-boxed elementor-section-height-default elementor-section-height-default\" data-id=\"64fed49\" data-element_type=\"section\">\n\t\t\t\t\t\t<div class=\"elementor-container elementor-column-gap-default\">\n\t\t\t\t\t<div class=\"elementor-column elementor-col-50 elementor-top-column elementor-element elementor-element-746b6f4\" data-id=\"746b6f4\" data-element_type=\"column\">\n\t\t\t<div class=\"elementor-widget-wrap elementor-element-populated\">\n\t\t\t\t\t\t\t\t<section class=\"elementor-section elementor-inner-section elementor-element elementor-element-7aab2ec elementor-section-boxed elementor-section-height-default elementor-section-height-default\" data-id=\"7aab2ec\" data-element_type=\"section\">\n\t\t\t\t\t\t<div class=\"elementor-container elementor-column-gap-default\">\n\t\t\t\t\t<div class=\"elementor-column elementor-col-100 elementor-inner-column elementor-element elementor-element-73384fd\" data-id=\"73384fd\" data-element_type=\"column\">\n\t\t\t<div class=\"elementor-widget-wrap elementor-element-populated\">\n\t\t\t\t\t\t\t\t<div class=\"elementor-element elementor-element-b1e55fe elementor-widget elementor-widget-heading\" data-id=\"b1e55fe\" data-element_type=\"widget\" data-widget_type=\"heading.default\">\n\t\t\t\t<div class=\"elementor-widget-container\">\n\t\t\t<h2 class=\"elementor-heading-title elementor-size-default\">DUNE VARELA<\/h2>\t\t<\/div>\n\t\t\t\t<\/div>\n\t\t\t\t\t<\/div>\n\t\t<\/div>\n\t\t\t\t\t\t\t<\/div>\n\t\t<\/section>\n\t\t\t\t<div class=\"elementor-element elementor-element-b1dcec9 elementor-hidden-mobile elementor-widget elementor-widget-spacer\" data-id=\"b1dcec9\" data-element_type=\"widget\" data-widget_type=\"spacer.default\">\n\t\t\t\t<div class=\"elementor-widget-container\">\n\t\t\t\t\t<div class=\"elementor-spacer\">\n\t\t\t<div class=\"elementor-spacer-inner\"><\/div>\n\t\t<\/div>\n\t\t\t\t<\/div>\n\t\t\t\t<\/div>\n\t\t\t\t<div class=\"elementor-element elementor-element-be5b853 elementor-widget elementor-widget-image\" data-id=\"be5b853\" data-element_type=\"widget\" data-widget_type=\"image.default\">\n\t\t\t\t<div class=\"elementor-widget-container\">\n\t\t\t\t\t\t\t\t\t\t\t\t<figure class=\"wp-caption\">\n\t\t\t\t\t\t\t\t\t\t<img decoding=\"async\" width=\"837\" height=\"1256\" src=\"https:\/\/www.paris-b.com\/wp-content\/uploads\/2023\/10\/Dune-Varela_La-vierge-et-l-enfant_impression-sur-marbre_71.2x50.2_Courtesy-de-lartiste-et-PARIS-B-837x1256.jpg\" class=\"attachment-large size-large wp-image-38253\" alt=\"\" srcset=\"https:\/\/www.paris-b.com\/wp-content\/uploads\/2023\/10\/Dune-Varela_La-vierge-et-l-enfant_impression-sur-marbre_71.2x50.2_Courtesy-de-lartiste-et-PARIS-B-837x1256.jpg 837w, https:\/\/www.paris-b.com\/wp-content\/uploads\/2023\/10\/Dune-Varela_La-vierge-et-l-enfant_impression-sur-marbre_71.2x50.2_Courtesy-de-lartiste-et-PARIS-B-466x700.jpg 466w, https:\/\/www.paris-b.com\/wp-content\/uploads\/2023\/10\/Dune-Varela_La-vierge-et-l-enfant_impression-sur-marbre_71.2x50.2_Courtesy-de-lartiste-et-PARIS-B-1024x1536.jpg 1024w, https:\/\/www.paris-b.com\/wp-content\/uploads\/2023\/10\/Dune-Varela_La-vierge-et-l-enfant_impression-sur-marbre_71.2x50.2_Courtesy-de-lartiste-et-PARIS-B-1365x2048.jpg 1365w, https:\/\/www.paris-b.com\/wp-content\/uploads\/2023\/10\/Dune-Varela_La-vierge-et-l-enfant_impression-sur-marbre_71.2x50.2_Courtesy-de-lartiste-et-PARIS-B-1200x1801.jpg 1200w, https:\/\/www.paris-b.com\/wp-content\/uploads\/2023\/10\/Dune-Varela_La-vierge-et-l-enfant_impression-sur-marbre_71.2x50.2_Courtesy-de-lartiste-et-PARIS-B.jpg 1600w\" sizes=\"(max-width: 709px) 85vw, (max-width: 909px) 67vw, (max-width: 984px) 61vw, (max-width: 1362px) 45vw, 600px\" \/>\t\t\t\t\t\t\t\t\t\t\t<figcaption class=\"widget-image-caption wp-caption-text\">Dune Varela, La vierge et l'enfant, 2023, impression sur marbre, 71.2 x 50.2 cm<\/figcaption>\n\t\t\t\t\t\t\t\t\t\t<\/figure>\n\t\t\t\t\t\t\t\t\t<\/div>\n\t\t\t\t<\/div>\n\t\t\t\t\t<\/div>\n\t\t<\/div>\n\t\t\t\t<div class=\"elementor-column elementor-col-50 elementor-top-column elementor-element elementor-element-662929c\" data-id=\"662929c\" data-element_type=\"column\">\n\t\t\t<div class=\"elementor-widget-wrap elementor-element-populated\">\n\t\t\t\t\t\t\t\t<div class=\"elementor-element elementor-element-c5c1ed7 elementor-hidden-mobile elementor-widget elementor-widget-spacer\" data-id=\"c5c1ed7\" data-element_type=\"widget\" data-widget_type=\"spacer.default\">\n\t\t\t\t<div class=\"elementor-widget-container\">\n\t\t\t\t\t<div class=\"elementor-spacer\">\n\t\t\t<div class=\"elementor-spacer-inner\"><\/div>\n\t\t<\/div>\n\t\t\t\t<\/div>\n\t\t\t\t<\/div>\n\t\t\t\t<div class=\"elementor-element elementor-element-780727f elementor-hidden-tablet elementor-hidden-mobile elementor-widget elementor-widget-spacer\" data-id=\"780727f\" data-element_type=\"widget\" data-widget_type=\"spacer.default\">\n\t\t\t\t<div class=\"elementor-widget-container\">\n\t\t\t\t\t<div class=\"elementor-spacer\">\n\t\t\t<div class=\"elementor-spacer-inner\"><\/div>\n\t\t<\/div>\n\t\t\t\t<\/div>\n\t\t\t\t<\/div>\n\t\t\t\t<section class=\"elementor-section elementor-inner-section elementor-element elementor-element-81da8a0 elementor-section-boxed elementor-section-height-default elementor-section-height-default\" data-id=\"81da8a0\" data-element_type=\"section\">\n\t\t\t\t\t\t<div class=\"elementor-container elementor-column-gap-default\">\n\t\t\t\t\t<div class=\"elementor-column elementor-col-100 elementor-inner-column elementor-element elementor-element-324a444\" data-id=\"324a444\" data-element_type=\"column\">\n\t\t\t<div class=\"elementor-widget-wrap elementor-element-populated\">\n\t\t\t\t\t\t\t\t<div class=\"elementor-element elementor-element-ef1d8e3 elementor-widget elementor-widget-text-editor\" data-id=\"ef1d8e3\" data-element_type=\"widget\" data-widget_type=\"text-editor.default\">\n\t\t\t\t<div class=\"elementor-widget-container\">\n\t\t\t\t\t\t\t<p>Dune Varela est une artiste qui se consacre \u00e0 la photographie dans sa double dimension de t\u00e9moignage et de mat\u00e9riau alt\u00e9rable. Jouant sur l\u2019entrem\u00ealement des temps et des \u00e9poques, elle travaille l\u2019image comme une ruine, un vestige, pris dans le mouvement d\u2019une arch\u00e9ologie sp\u00e9culative et d\u2019une Histoire qui s\u2019\u00e9crit autant qu\u2019elle s\u2019efface ou se fragmente. Elle nous propose un voyage dans l\u2019arch\u00e9ologie future fictionnelle qu\u2019elle \u00e9bauche ann\u00e9e apr\u00e8s ann\u00e9e, s\u2019appuyant sur une forme tr\u00e8s personnelle de destruction-construction qui symbolise une vision de la condition humaine. \u00ab Je cherche \u00e0 faire de la photographie une sculpture, \u00e0 me r\u00e9approprier l\u2019image en lui donnant un corps in\u00e9dit. [\u2026] \u00bb, rel\u00e8ve l\u2019artiste<\/p>\t\t\t\t\t\t<\/div>\n\t\t\t\t<\/div>\n\t\t\t\t\t<\/div>\n\t\t<\/div>\n\t\t\t\t\t\t\t<\/div>\n\t\t<\/section>\n\t\t\t\t\t<\/div>\n\t\t<\/div>\n\t\t\t\t\t\t\t<\/div>\n\t\t<\/section>\n\t\t\t\t<section class=\"elementor-section elementor-top-section elementor-element elementor-element-fa20268 elementor-section-boxed elementor-section-height-default elementor-section-height-default\" data-id=\"fa20268\" data-element_type=\"section\">\n\t\t\t\t\t\t<div class=\"elementor-container elementor-column-gap-default\">\n\t\t\t\t\t<div class=\"elementor-column elementor-col-100 elementor-top-column elementor-element elementor-element-15304b8\" data-id=\"15304b8\" data-element_type=\"column\">\n\t\t\t<div class=\"elementor-widget-wrap elementor-element-populated\">\n\t\t\t\t\t\t\t\t<div class=\"elementor-element elementor-element-7f17118 elementor-hidden-mobile elementor-widget elementor-widget-spacer\" data-id=\"7f17118\" data-element_type=\"widget\" data-widget_type=\"spacer.default\">\n\t\t\t\t<div class=\"elementor-widget-container\">\n\t\t\t\t\t<div class=\"elementor-spacer\">\n\t\t\t<div class=\"elementor-spacer-inner\"><\/div>\n\t\t<\/div>\n\t\t\t\t<\/div>\n\t\t\t\t<\/div>\n\t\t\t\t<div class=\"elementor-element elementor-element-e1b9ed6 elementor-widget elementor-widget-image\" data-id=\"e1b9ed6\" data-element_type=\"widget\" data-widget_type=\"image.default\">\n\t\t\t\t<div class=\"elementor-widget-container\">\n\t\t\t\t\t\t\t\t\t\t\t\t<figure class=\"wp-caption\">\n\t\t\t\t\t\t\t\t\t\t<img decoding=\"async\" src=\"https:\/\/www.paris-b.com\/wp-content\/uploads\/2023\/09\/2.-Dune-Varela-PB-PROJECT-Fragmentum-Exhibition-view-Photo-The\u0301o-Baulig-Courtesy-PARIS-B.jpg\" title=\"2. Dune Varela PB PROJECT Fragmentum Exhibition view Photo The\u0301o Baulig Courtesy PARIS-B\" alt=\"2. Dune Varela PB PROJECT Fragmentum Exhibition view Photo The\u0301o Baulig Courtesy PARIS-B\" loading=\"lazy\" \/>\t\t\t\t\t\t\t\t\t\t\t<figcaption class=\"widget-image-caption wp-caption-text\">Dune Varela, PB project - Fragmentum, vue d'exposition, PARIS-B, 2023. Photo: Th\u00e9o Baulig<\/figcaption>\n\t\t\t\t\t\t\t\t\t\t<\/figure>\n\t\t\t\t\t\t\t\t\t<\/div>\n\t\t\t\t<\/div>\n\t\t\t\t\t<\/div>\n\t\t<\/div>\n\t\t\t\t\t\t\t<\/div>\n\t\t<\/section>\n\t\t\t\t<section class=\"elementor-section elementor-top-section elementor-element elementor-element-79c87bd elementor-section-boxed elementor-section-height-default elementor-section-height-default\" data-id=\"79c87bd\" data-element_type=\"section\">\n\t\t\t\t\t\t<div class=\"elementor-container elementor-column-gap-default\">\n\t\t\t\t\t<div class=\"elementor-column elementor-col-100 elementor-top-column elementor-element elementor-element-ad75f49\" data-id=\"ad75f49\" data-element_type=\"column\">\n\t\t\t<div class=\"elementor-widget-wrap elementor-element-populated\">\n\t\t\t\t\t\t\t\t<div class=\"elementor-element elementor-element-68d9221 elementor-hidden-tablet elementor-hidden-mobile elementor-widget elementor-widget-spacer\" data-id=\"68d9221\" data-element_type=\"widget\" data-widget_type=\"spacer.default\">\n\t\t\t\t<div class=\"elementor-widget-container\">\n\t\t\t\t\t<div class=\"elementor-spacer\">\n\t\t\t<div class=\"elementor-spacer-inner\"><\/div>\n\t\t<\/div>\n\t\t\t\t<\/div>\n\t\t\t\t<\/div>\n\t\t\t\t<section class=\"elementor-section elementor-inner-section elementor-element elementor-element-ba05ba0 elementor-section-boxed elementor-section-height-default elementor-section-height-default\" data-id=\"ba05ba0\" data-element_type=\"section\">\n\t\t\t\t\t\t<div class=\"elementor-container elementor-column-gap-default\">\n\t\t\t\t\t<div class=\"elementor-column elementor-col-100 elementor-inner-column elementor-element elementor-element-292736a\" data-id=\"292736a\" data-element_type=\"column\">\n\t\t\t<div class=\"elementor-widget-wrap elementor-element-populated\">\n\t\t\t\t\t\t\t\t<div class=\"elementor-element elementor-element-1674d73 elementor-widget elementor-widget-text-editor\" data-id=\"1674d73\" data-element_type=\"widget\" data-widget_type=\"text-editor.default\">\n\t\t\t\t<div class=\"elementor-widget-container\">\n\t\t\t\t\t\t\t<p><em>Dune Varela est n\u00e9e en 1976 \u00e0 Paris. Apr\u00e8s des \u00e9tudes de droit \u00e0 Paris et de cin\u00e9ma \u00e0 New York, elle se consacre \u00e0 la photographie argentique, dans sa double dimension de substrat consistant, essentiel, et de mat\u00e9riau fragile, alt\u00e9rable. Elle \u00e9tend par la suite le champ de ses recherches \u00e0 la vid\u00e9o et au cin\u00e9ma. Elle a expos\u00e9 aux rencontres photographique d\u2019Arles, \u00e0 Paris Photo, au salon Approche, au Mus\u00e9e Nic\u00e9phore Ni\u00e8pce, au Mus\u00e9e des Beaux Arts de Li\u00e8ge, \u00e0 la Hear Strasbourg. Elle vit \u00e0 Montreuil et est actuellemnet r\u00e9sidente \u00e0 Poush Aubervilliers.<\/em><\/p><p><em><a href=\"https:\/\/www.paris-b.com\/fr\/artiste\/dune-varela\/\" target=\"_blank\" rel=\"noopener\"><span style=\"text-decoration: underline;\">En savoir plus l&rsquo;artiste<\/span><\/a><\/em><\/p>\t\t\t\t\t\t<\/div>\n\t\t\t\t<\/div>\n\t\t\t\t\t<\/div>\n\t\t<\/div>\n\t\t\t\t\t\t\t<\/div>\n\t\t<\/section>\n\t\t\t\t<div class=\"elementor-element elementor-element-388e2f2 elementor-hidden-mobile elementor-widget elementor-widget-spacer\" data-id=\"388e2f2\" data-element_type=\"widget\" data-widget_type=\"spacer.default\">\n\t\t\t\t<div class=\"elementor-widget-container\">\n\t\t\t\t\t<div class=\"elementor-spacer\">\n\t\t\t<div class=\"elementor-spacer-inner\"><\/div>\n\t\t<\/div>\n\t\t\t\t<\/div>\n\t\t\t\t<\/div>\n\t\t\t\t<div class=\"elementor-element elementor-element-4d44359 elementor-align-left elementor-widget elementor-widget-button\" data-id=\"4d44359\" data-element_type=\"widget\" data-widget_type=\"button.default\">\n\t\t\t\t<div class=\"elementor-widget-container\">\n\t\t\t\t\t<div class=\"elementor-button-wrapper\">\n\t\t\t<a class=\"elementor-button elementor-button-link elementor-size-md\" href=\"#elementor-action%3Aaction%3Dpopup%3Aopen%26settings%3DeyJpZCI6MzI1NTksInRvZ2dsZSI6ZmFsc2V9\" artwork=\"Dune Varela - Catalogue of works\">\n\t\t\t\t\t\t<span class=\"elementor-button-content-wrapper\">\n\t\t\t\t\t\t<span class=\"elementor-button-text\">NOUS DEMANDER LE CATALOGUE DES OEUVRES DE DUNE VARELA<\/span>\n\t\t<\/span>\n\t\t\t\t\t<\/a>\n\t\t<\/div>\n\t\t\t\t<\/div>\n\t\t\t\t<\/div>\n\t\t\t\t<div class=\"elementor-element elementor-element-dd04724 elementor-widget elementor-widget-spacer\" data-id=\"dd04724\" data-element_type=\"widget\" data-widget_type=\"spacer.default\">\n\t\t\t\t<div class=\"elementor-widget-container\">\n\t\t\t\t\t<div class=\"elementor-spacer\">\n\t\t\t<div class=\"elementor-spacer-inner\"><\/div>\n\t\t<\/div>\n\t\t\t\t<\/div>\n\t\t\t\t<\/div>\n\t\t\t\t\t<\/div>\n\t\t<\/div>\n\t\t\t\t\t\t\t<\/div>\n\t\t<\/section>\n\t\t\t\t<section class=\"elementor-section elementor-top-section elementor-element elementor-element-88a72ee elementor-section-boxed elementor-section-height-default elementor-section-height-default\" data-id=\"88a72ee\" data-element_type=\"section\">\n\t\t\t\t\t\t<div class=\"elementor-container elementor-column-gap-default\">\n\t\t\t\t\t<div class=\"elementor-column elementor-col-50 elementor-top-column elementor-element elementor-element-a4fa4a9\" data-id=\"a4fa4a9\" data-element_type=\"column\">\n\t\t\t<div class=\"elementor-widget-wrap elementor-element-populated\">\n\t\t\t\t\t\t\t\t<div class=\"elementor-element elementor-element-b09b5e1 elementor-widget elementor-widget-heading\" data-id=\"b09b5e1\" data-element_type=\"widget\" data-widget_type=\"heading.default\">\n\t\t\t\t<div class=\"elementor-widget-container\">\n\t\t\t<h3 class=\"elementor-heading-title elementor-size-default\">YANG YONGLIANG<\/h3>\t\t<\/div>\n\t\t\t\t<\/div>\n\t\t\t\t<div class=\"elementor-element elementor-element-9c98e21 elementor-widget elementor-widget-image\" data-id=\"9c98e21\" data-element_type=\"widget\" data-widget_type=\"image.default\">\n\t\t\t\t<div class=\"elementor-widget-container\">\n\t\t\t\t\t\t\t\t\t\t\t\t<figure class=\"wp-caption\">\n\t\t\t\t\t\t\t\t\t\t<img loading=\"lazy\" decoding=\"async\" width=\"707\" height=\"1256\" src=\"https:\/\/www.paris-b.com\/wp-content\/uploads\/2023\/02\/Yang-Yongliang_The-Lakes_2022_4K-video_700_Courtesy-PARIS-B-707x1256.jpg\" class=\"attachment-large size-large wp-image-29759\" alt=\"Yang Yongliang, The Lakes, 2022. 4K video, 8&#039;00&#039;&#039;. Edition of 7. PARIS-B\" srcset=\"https:\/\/www.paris-b.com\/wp-content\/uploads\/2023\/02\/Yang-Yongliang_The-Lakes_2022_4K-video_700_Courtesy-PARIS-B-707x1256.jpg 707w, https:\/\/www.paris-b.com\/wp-content\/uploads\/2023\/02\/Yang-Yongliang_The-Lakes_2022_4K-video_700_Courtesy-PARIS-B-394x700.jpg 394w, https:\/\/www.paris-b.com\/wp-content\/uploads\/2023\/02\/Yang-Yongliang_The-Lakes_2022_4K-video_700_Courtesy-PARIS-B-864x1536.jpg 864w, https:\/\/www.paris-b.com\/wp-content\/uploads\/2023\/02\/Yang-Yongliang_The-Lakes_2022_4K-video_700_Courtesy-PARIS-B-1152x2048.jpg 1152w, https:\/\/www.paris-b.com\/wp-content\/uploads\/2023\/02\/Yang-Yongliang_The-Lakes_2022_4K-video_700_Courtesy-PARIS-B-1200x2133.jpg 1200w, https:\/\/www.paris-b.com\/wp-content\/uploads\/2023\/02\/Yang-Yongliang_The-Lakes_2022_4K-video_700_Courtesy-PARIS-B.jpg 1350w\" sizes=\"(max-width: 709px) 85vw, (max-width: 909px) 67vw, (max-width: 984px) 61vw, (max-width: 1362px) 45vw, 600px\" \/>\t\t\t\t\t\t\t\t\t\t\t<figcaption class=\"widget-image-caption wp-caption-text\">Yang Yongliang, The Lakes, 2022, vid\u00e9o 4K, 7'00''<\/figcaption>\n\t\t\t\t\t\t\t\t\t\t<\/figure>\n\t\t\t\t\t\t\t\t\t<\/div>\n\t\t\t\t<\/div>\n\t\t\t\t<div class=\"elementor-element elementor-element-b6653b1 elementor-widget elementor-widget-button\" data-id=\"b6653b1\" data-element_type=\"widget\" data-widget_type=\"button.default\">\n\t\t\t\t<div class=\"elementor-widget-container\">\n\t\t\t\t\t<div class=\"elementor-button-wrapper\">\n\t\t\t<a class=\"elementor-button elementor-button-link elementor-size-xs\" href=\"https:\/\/youtu.be\/nzKx7e4u9Dg\" target=\"_blank\" rel=\"nofollow\">\n\t\t\t\t\t\t<span class=\"elementor-button-content-wrapper\">\n\t\t\t\t\t\t<span class=\"elementor-button-text\">REGARDER LA VID\u00c9O<\/span>\n\t\t<\/span>\n\t\t\t\t\t<\/a>\n\t\t<\/div>\n\t\t\t\t<\/div>\n\t\t\t\t<\/div>\n\t\t\t\t<div class=\"elementor-element elementor-element-ec79dfd elementor-hidden-mobile elementor-widget elementor-widget-spacer\" data-id=\"ec79dfd\" data-element_type=\"widget\" data-widget_type=\"spacer.default\">\n\t\t\t\t<div class=\"elementor-widget-container\">\n\t\t\t\t\t<div class=\"elementor-spacer\">\n\t\t\t<div class=\"elementor-spacer-inner\"><\/div>\n\t\t<\/div>\n\t\t\t\t<\/div>\n\t\t\t\t<\/div>\n\t\t\t\t\t<\/div>\n\t\t<\/div>\n\t\t\t\t<div class=\"elementor-column elementor-col-50 elementor-top-column elementor-element elementor-element-dd1f4f0\" data-id=\"dd1f4f0\" data-element_type=\"column\">\n\t\t\t<div class=\"elementor-widget-wrap elementor-element-populated\">\n\t\t\t\t\t\t\t\t<div class=\"elementor-element elementor-element-00e3bca elementor-hidden-tablet elementor-hidden-mobile elementor-widget elementor-widget-spacer\" data-id=\"00e3bca\" data-element_type=\"widget\" data-widget_type=\"spacer.default\">\n\t\t\t\t<div class=\"elementor-widget-container\">\n\t\t\t\t\t<div class=\"elementor-spacer\">\n\t\t\t<div class=\"elementor-spacer-inner\"><\/div>\n\t\t<\/div>\n\t\t\t\t<\/div>\n\t\t\t\t<\/div>\n\t\t\t\t<div class=\"elementor-element elementor-element-9ea4c4f elementor-widget elementor-widget-text-editor\" data-id=\"9ea4c4f\" data-element_type=\"widget\" data-widget_type=\"text-editor.default\">\n\t\t\t\t<div class=\"elementor-widget-container\">\n\t\t\t\t\t\t\t<p>Inspir\u00e9e du shanshui, peinture classique de montagnes et d\u2019eaux, la vision d\u2019ensemble de l\u2019oeuvre de Yang Yongliang rappelle celle d\u2019un paysage. Mais un examen minutieux r\u00e9v\u00e8le des complexes superpositions de tours en treillis m\u00e9tallique, de gratte-ciels en ruines, de pyl\u00f4nes \u00e9lectriques et d\u2019autres formes cr\u00e9\u00e9es par la main de l\u2019homme. Tandis que les anciens cherchaient \u00e0 transmettre le sentiment de l\u2019immutabilit\u00e9 de la nature par le trait du pinceau, Yang Yongliang s\u2019attache \u00e0 exprimer dans ses paysages num\u00e9riques ce cycle de d\u00e9molition et de construction qui se perp\u00e9tue sous ses yeux et notoirement \u00e0 Shanghai, sa ville natale. Il en r\u00e9sulte une oeuvre o\u00f9 l\u2019attrait s\u00e9duisant de la modernit\u00e9 urbaine est simultan\u00e9ment accompagn\u00e9 de la conscience de sa fragilit\u00e9.<\/p>\t\t\t\t\t\t<\/div>\n\t\t\t\t<\/div>\n\t\t\t\t\t<\/div>\n\t\t<\/div>\n\t\t\t\t\t\t\t<\/div>\n\t\t<\/section>\n\t\t\t\t<section class=\"elementor-section elementor-top-section elementor-element elementor-element-7b9de0e elementor-section-boxed elementor-section-height-default elementor-section-height-default\" data-id=\"7b9de0e\" data-element_type=\"section\">\n\t\t\t\t\t\t<div class=\"elementor-container elementor-column-gap-default\">\n\t\t\t\t\t<div class=\"elementor-column elementor-col-100 elementor-top-column elementor-element elementor-element-084a0ff\" data-id=\"084a0ff\" data-element_type=\"column\">\n\t\t\t<div class=\"elementor-widget-wrap elementor-element-populated\">\n\t\t\t\t\t\t\t\t<div class=\"elementor-element elementor-element-1d8f519 elementor-widget elementor-widget-image\" data-id=\"1d8f519\" data-element_type=\"widget\" data-widget_type=\"image.default\">\n\t\t\t\t<div class=\"elementor-widget-container\">\n\t\t\t\t\t\t\t\t\t\t\t\t<figure class=\"wp-caption\">\n\t\t\t\t\t\t\t\t\t\t<img loading=\"lazy\" decoding=\"async\" width=\"1536\" height=\"1024\" src=\"https:\/\/www.paris-b.com\/wp-content\/uploads\/2023\/02\/BD_B011750-1536x1024.jpg\" class=\"attachment-1536x1536 size-1536x1536 wp-image-31155\" alt=\"Yang Yongliang The-Clouds-The-Streams-Exhibition-View Galerie PARIS-B Galerie Paris-Beijing\" srcset=\"https:\/\/www.paris-b.com\/wp-content\/uploads\/2023\/02\/BD_B011750-1536x1024.jpg 1536w, https:\/\/www.paris-b.com\/wp-content\/uploads\/2023\/02\/BD_B011750-700x467.jpg 700w, https:\/\/www.paris-b.com\/wp-content\/uploads\/2023\/02\/BD_B011750-1256x837.jpg 1256w, https:\/\/www.paris-b.com\/wp-content\/uploads\/2023\/02\/BD_B011750-2048x1365.jpg 2048w, https:\/\/www.paris-b.com\/wp-content\/uploads\/2023\/02\/BD_B011750-1200x800.jpg 1200w\" sizes=\"(max-width: 709px) 85vw, (max-width: 909px) 67vw, (max-width: 1362px) 62vw, 840px\" \/>\t\t\t\t\t\t\t\t\t\t\t<figcaption class=\"widget-image-caption wp-caption-text\">Yang Yongliang, Imagined Landscape, vue d'exposition, PARIS-B, Paris, 2023<\/figcaption>\n\t\t\t\t\t\t\t\t\t\t<\/figure>\n\t\t\t\t\t\t\t\t\t<\/div>\n\t\t\t\t<\/div>\n\t\t\t\t<div class=\"elementor-element elementor-element-194bc9f elementor-hidden-tablet elementor-hidden-mobile elementor-widget elementor-widget-spacer\" data-id=\"194bc9f\" data-element_type=\"widget\" data-widget_type=\"spacer.default\">\n\t\t\t\t<div class=\"elementor-widget-container\">\n\t\t\t\t\t<div class=\"elementor-spacer\">\n\t\t\t<div class=\"elementor-spacer-inner\"><\/div>\n\t\t<\/div>\n\t\t\t\t<\/div>\n\t\t\t\t<\/div>\n\t\t\t\t<div class=\"elementor-element elementor-element-6db0fd1 elementor-widget elementor-widget-text-editor\" data-id=\"6db0fd1\" data-element_type=\"widget\" data-widget_type=\"text-editor.default\">\n\t\t\t\t<div class=\"elementor-widget-container\">\n\t\t\t\t\t\t\t<p><em>N\u00e9 \u00e0 Shanghai en 1980, durant dix ans il apprend la peinture traditionnelle chinoise aupr\u00e8s du ma\u00eetre calligraphe Yang Yang. \u00c0 la fois photographe, peintre, vid\u00e9aste et plasticien, il est dipl\u00f4m\u00e9 du Shanghai Institute of Design, China Academy of Art, en communication visuelle et design. Il enseigne actuellement au Shanghai Institute of Vision Art.<\/em><\/p><p><em><a href=\"https:\/\/www.paris-b.com\/fr\/artiste\/yang-yongliang\/\" target=\"_blank\" rel=\"noopener\"><span style=\"text-decoration: underline;\">En savoir plus l&rsquo;artiste<\/span><\/a><\/em><\/p>\t\t\t\t\t\t<\/div>\n\t\t\t\t<\/div>\n\t\t\t\t<div class=\"elementor-element elementor-element-1cd47c5 elementor-align-left elementor-widget elementor-widget-button\" data-id=\"1cd47c5\" data-element_type=\"widget\" data-widget_type=\"button.default\">\n\t\t\t\t<div class=\"elementor-widget-container\">\n\t\t\t\t\t<div class=\"elementor-button-wrapper\">\n\t\t\t<a class=\"elementor-button elementor-button-link elementor-size-md\" href=\"#elementor-action%3Aaction%3Dpopup%3Aopen%26settings%3DeyJpZCI6MzI1NTksInRvZ2dsZSI6ZmFsc2V9\" artwork=\"Zhuo Qi - Catalogue of works\">\n\t\t\t\t\t\t<span class=\"elementor-button-content-wrapper\">\n\t\t\t\t\t\t<span class=\"elementor-button-text\">NOUS DEMANDER LE CATALOGUE DES OEUVRES DE YANG YONGLIANG<\/span>\n\t\t<\/span>\n\t\t\t\t\t<\/a>\n\t\t<\/div>\n\t\t\t\t<\/div>\n\t\t\t\t<\/div>\n\t\t\t\t<div class=\"elementor-element elementor-element-7702972 elementor-hidden-mobile elementor-widget elementor-widget-spacer\" data-id=\"7702972\" data-element_type=\"widget\" data-widget_type=\"spacer.default\">\n\t\t\t\t<div class=\"elementor-widget-container\">\n\t\t\t\t\t<div class=\"elementor-spacer\">\n\t\t\t<div class=\"elementor-spacer-inner\"><\/div>\n\t\t<\/div>\n\t\t\t\t<\/div>\n\t\t\t\t<\/div>\n\t\t\t\t\t<\/div>\n\t\t<\/div>\n\t\t\t\t\t\t\t<\/div>\n\t\t<\/section>\n\t\t\t\t<section class=\"elementor-section elementor-top-section elementor-element elementor-element-2855d12 elementor-section-boxed elementor-section-height-default elementor-section-height-default\" data-id=\"2855d12\" data-element_type=\"section\">\n\t\t\t\t\t\t<div class=\"elementor-container elementor-column-gap-default\">\n\t\t\t\t\t<div class=\"elementor-column elementor-col-50 elementor-top-column elementor-element elementor-element-9aba913\" data-id=\"9aba913\" data-element_type=\"column\">\n\t\t\t<div class=\"elementor-widget-wrap elementor-element-populated\">\n\t\t\t\t\t\t\t\t<div class=\"elementor-element elementor-element-bd68202 elementor-widget elementor-widget-heading\" data-id=\"bd68202\" data-element_type=\"widget\" data-widget_type=\"heading.default\">\n\t\t\t\t<div class=\"elementor-widget-container\">\n\t\t\t<h3 class=\"elementor-heading-title elementor-size-default\">ZHANG KECHUN<\/h3>\t\t<\/div>\n\t\t\t\t<\/div>\n\t\t\t\t<div class=\"elementor-element elementor-element-5e58c34 elementor-hidden-mobile elementor-widget elementor-widget-spacer\" data-id=\"5e58c34\" data-element_type=\"widget\" data-widget_type=\"spacer.default\">\n\t\t\t\t<div class=\"elementor-widget-container\">\n\t\t\t\t\t<div class=\"elementor-spacer\">\n\t\t\t<div class=\"elementor-spacer-inner\"><\/div>\n\t\t<\/div>\n\t\t\t\t<\/div>\n\t\t\t\t<\/div>\n\t\t\t\t<div class=\"elementor-element elementor-element-8b1c162 elementor-widget elementor-widget-image\" data-id=\"8b1c162\" data-element_type=\"widget\" data-widget_type=\"image.default\">\n\t\t\t\t<div class=\"elementor-widget-container\">\n\t\t\t\t\t\t\t\t\t\t\t\t<figure class=\"wp-caption\">\n\t\t\t\t\t\t\t\t\t\t<img decoding=\"async\" src=\"https:\/\/www.paris-b.com\/wp-content\/uploads\/2023\/11\/Zhang-Kechun-The-Sky-Garden-tree-09954-2021-Courtesy-Zhang-Kechun-PARIS-B-scaled.jpg\" title=\"Zhang Kechun, The\u00a0Sky\u00a0Garden &#8211; tree (09954), 2021, Courtesy Zhang Kechun PARIS-B\" alt=\"Zhang Kechun, The\u00a0Sky\u00a0Garden - tree (09954), 2021, Courtesy Zhang Kechun PARIS-B\" loading=\"lazy\" \/>\t\t\t\t\t\t\t\t\t\t\t<figcaption class=\"widget-image-caption wp-caption-text\">Zhang Kechun, The Sky Garden, 2020-2021, impression pigmentaire, 110 x 77 cm; \u00e9dition de 6<\/figcaption>\n\t\t\t\t\t\t\t\t\t\t<\/figure>\n\t\t\t\t\t\t\t\t\t<\/div>\n\t\t\t\t<\/div>\n\t\t\t\t<div class=\"elementor-element elementor-element-5c4936f elementor-hidden-mobile elementor-widget elementor-widget-spacer\" data-id=\"5c4936f\" data-element_type=\"widget\" data-widget_type=\"spacer.default\">\n\t\t\t\t<div class=\"elementor-widget-container\">\n\t\t\t\t\t<div class=\"elementor-spacer\">\n\t\t\t<div class=\"elementor-spacer-inner\"><\/div>\n\t\t<\/div>\n\t\t\t\t<\/div>\n\t\t\t\t<\/div>\n\t\t\t\t\t<\/div>\n\t\t<\/div>\n\t\t\t\t<div class=\"elementor-column elementor-col-50 elementor-top-column elementor-element elementor-element-d1f1c82\" data-id=\"d1f1c82\" data-element_type=\"column\">\n\t\t\t<div class=\"elementor-widget-wrap elementor-element-populated\">\n\t\t\t\t\t\t\t\t<div class=\"elementor-element elementor-element-12fb202 elementor-hidden-mobile elementor-hidden-desktop elementor-widget elementor-widget-spacer\" data-id=\"12fb202\" data-element_type=\"widget\" data-widget_type=\"spacer.default\">\n\t\t\t\t<div class=\"elementor-widget-container\">\n\t\t\t\t\t<div class=\"elementor-spacer\">\n\t\t\t<div class=\"elementor-spacer-inner\"><\/div>\n\t\t<\/div>\n\t\t\t\t<\/div>\n\t\t\t\t<\/div>\n\t\t\t\t<div class=\"elementor-element elementor-element-70edca5 elementor-hidden-tablet elementor-hidden-mobile elementor-widget elementor-widget-spacer\" data-id=\"70edca5\" data-element_type=\"widget\" data-widget_type=\"spacer.default\">\n\t\t\t\t<div class=\"elementor-widget-container\">\n\t\t\t\t\t<div class=\"elementor-spacer\">\n\t\t\t<div class=\"elementor-spacer-inner\"><\/div>\n\t\t<\/div>\n\t\t\t\t<\/div>\n\t\t\t\t<\/div>\n\t\t\t\t<div class=\"elementor-element elementor-element-475d447 elementor-widget elementor-widget-text-editor\" data-id=\"475d447\" data-element_type=\"widget\" data-widget_type=\"text-editor.default\">\n\t\t\t\t<div class=\"elementor-widget-container\">\n\t\t\t\t\t\t\t<p>Le style de Zhang Kechun, fortement inspir\u00e9 de la repr\u00e9sentation traditionnelle du paysage combin\u00e9 a une approche photographique objective, des traces humaines sont toujours visibles, l\u2019urbanisation omnipr\u00e9sente et le d\u00e9veloppement industriel a atteint les zones rurales les plus recul\u00e9es. Sa palette englobe les teintes jaun\u00e2tres du plateau de Loess et les noirs profonds des industries extractives qui polluent les sols sans r\u00e9pit. Des d\u00e9tails l\u00e9g\u00e8rement satur\u00e9s soulignent parfois des apparitions inattendues dans des endroits abandonn\u00e9s et fantomatiques, offrant au clich\u00e9 des nuances po\u00e9tiques et presque surr\u00e9alistes.<\/p>\t\t\t\t\t\t<\/div>\n\t\t\t\t<\/div>\n\t\t\t\t\t<\/div>\n\t\t<\/div>\n\t\t\t\t\t\t\t<\/div>\n\t\t<\/section>\n\t\t\t\t<section class=\"elementor-section elementor-top-section elementor-element elementor-element-2b85ccf elementor-section-boxed elementor-section-height-default elementor-section-height-default\" data-id=\"2b85ccf\" data-element_type=\"section\">\n\t\t\t\t\t\t<div class=\"elementor-container elementor-column-gap-default\">\n\t\t\t\t\t<div class=\"elementor-column elementor-col-25 elementor-top-column elementor-element elementor-element-604d3f8\" data-id=\"604d3f8\" data-element_type=\"column\">\n\t\t\t<div class=\"elementor-widget-wrap elementor-element-populated\">\n\t\t\t\t\t\t\t\t<div class=\"elementor-element elementor-element-f421531 elementor-hidden-tablet elementor-hidden-mobile elementor-widget elementor-widget-spacer\" data-id=\"f421531\" data-element_type=\"widget\" data-widget_type=\"spacer.default\">\n\t\t\t\t<div class=\"elementor-widget-container\">\n\t\t\t\t\t<div class=\"elementor-spacer\">\n\t\t\t<div class=\"elementor-spacer-inner\"><\/div>\n\t\t<\/div>\n\t\t\t\t<\/div>\n\t\t\t\t<\/div>\n\t\t\t\t<div class=\"elementor-element elementor-element-9c94c5c elementor-hidden-tablet elementor-hidden-mobile elementor-widget elementor-widget-spacer\" data-id=\"9c94c5c\" data-element_type=\"widget\" data-widget_type=\"spacer.default\">\n\t\t\t\t<div class=\"elementor-widget-container\">\n\t\t\t\t\t<div class=\"elementor-spacer\">\n\t\t\t<div class=\"elementor-spacer-inner\"><\/div>\n\t\t<\/div>\n\t\t\t\t<\/div>\n\t\t\t\t<\/div>\n\t\t\t\t\t<\/div>\n\t\t<\/div>\n\t\t\t\t<div class=\"elementor-column elementor-col-25 elementor-top-column elementor-element elementor-element-9f31921\" data-id=\"9f31921\" data-element_type=\"column\">\n\t\t\t<div class=\"elementor-widget-wrap elementor-element-populated\">\n\t\t\t\t\t\t\t\t<div class=\"elementor-element elementor-element-cb8b49e elementor-widget elementor-widget-image\" data-id=\"cb8b49e\" data-element_type=\"widget\" data-widget_type=\"image.default\">\n\t\t\t\t<div class=\"elementor-widget-container\">\n\t\t\t\t\t\t\t\t\t\t\t\t<figure class=\"wp-caption\">\n\t\t\t\t\t\t\t\t\t\t<img loading=\"lazy\" decoding=\"async\" width=\"800\" height=\"1200\" src=\"https:\/\/www.paris-b.com\/wp-content\/uploads\/2023\/11\/Zhang-Kechun-The-Sky-Garden-rock-05-2021-Courtesy-Zhang-Kechun-PARIS-B.jpg\" class=\"attachment-medium_large size-medium_large wp-image-38443\" alt=\"Zhang Kechun, The\u00a0Sky\u00a0Garden - rock (05), 2021, Courtesy Zhang Kechun PARIS-B\" srcset=\"https:\/\/www.paris-b.com\/wp-content\/uploads\/2023\/11\/Zhang-Kechun-The-Sky-Garden-rock-05-2021-Courtesy-Zhang-Kechun-PARIS-B.jpg 800w, https:\/\/www.paris-b.com\/wp-content\/uploads\/2023\/11\/Zhang-Kechun-The-Sky-Garden-rock-05-2021-Courtesy-Zhang-Kechun-PARIS-B-467x700.jpg 467w\" sizes=\"(max-width: 709px) 85vw, (max-width: 909px) 67vw, (max-width: 984px) 61vw, (max-width: 1362px) 45vw, 600px\" \/>\t\t\t\t\t\t\t\t\t\t\t<figcaption class=\"widget-image-caption wp-caption-text\">Zhang Kechun, The Sky Garden, 2020-2021, impression pigmentaire, 110 x 77 cm; \u00e9dition de 6<\/figcaption>\n\t\t\t\t\t\t\t\t\t\t<\/figure>\n\t\t\t\t\t\t\t\t\t<\/div>\n\t\t\t\t<\/div>\n\t\t\t\t<div class=\"elementor-element elementor-element-13802ca elementor-hidden-mobile elementor-widget elementor-widget-spacer\" data-id=\"13802ca\" data-element_type=\"widget\" data-widget_type=\"spacer.default\">\n\t\t\t\t<div class=\"elementor-widget-container\">\n\t\t\t\t\t<div class=\"elementor-spacer\">\n\t\t\t<div class=\"elementor-spacer-inner\"><\/div>\n\t\t<\/div>\n\t\t\t\t<\/div>\n\t\t\t\t<\/div>\n\t\t\t\t<div class=\"elementor-element elementor-element-3b65120 elementor-hidden-tablet elementor-hidden-mobile elementor-widget elementor-widget-spacer\" data-id=\"3b65120\" data-element_type=\"widget\" data-widget_type=\"spacer.default\">\n\t\t\t\t<div class=\"elementor-widget-container\">\n\t\t\t\t\t<div class=\"elementor-spacer\">\n\t\t\t<div class=\"elementor-spacer-inner\"><\/div>\n\t\t<\/div>\n\t\t\t\t<\/div>\n\t\t\t\t<\/div>\n\t\t\t\t\t<\/div>\n\t\t<\/div>\n\t\t\t\t<div class=\"elementor-column elementor-col-25 elementor-top-column elementor-element elementor-element-74a5969\" data-id=\"74a5969\" data-element_type=\"column\">\n\t\t\t<div class=\"elementor-widget-wrap elementor-element-populated\">\n\t\t\t\t\t\t\t\t<div class=\"elementor-element elementor-element-dff494d elementor-hidden-mobile elementor-widget elementor-widget-image\" data-id=\"dff494d\" data-element_type=\"widget\" data-widget_type=\"image.default\">\n\t\t\t\t<div class=\"elementor-widget-container\">\n\t\t\t\t\t\t\t\t\t\t\t\t<figure class=\"wp-caption\">\n\t\t\t\t\t\t\t\t\t\t<img loading=\"lazy\" decoding=\"async\" width=\"1670\" height=\"2500\" src=\"https:\/\/www.paris-b.com\/wp-content\/uploads\/2023\/11\/Zhang-Kechun-The-Sky-Garden-tree-00093-2021-Courtesy-Zhang-Kechun-PARIS-B.jpg\" class=\"attachment-medium_large size-medium_large wp-image-38445\" alt=\"Zhang Kechun, The\u00a0Sky\u00a0Garden - tree (00093), 2021, Courtesy Zhang Kechun PARIS-B\" srcset=\"https:\/\/www.paris-b.com\/wp-content\/uploads\/2023\/11\/Zhang-Kechun-The-Sky-Garden-tree-00093-2021-Courtesy-Zhang-Kechun-PARIS-B.jpg 1670w, https:\/\/www.paris-b.com\/wp-content\/uploads\/2023\/11\/Zhang-Kechun-The-Sky-Garden-tree-00093-2021-Courtesy-Zhang-Kechun-PARIS-B-468x700.jpg 468w, https:\/\/www.paris-b.com\/wp-content\/uploads\/2023\/11\/Zhang-Kechun-The-Sky-Garden-tree-00093-2021-Courtesy-Zhang-Kechun-PARIS-B-839x1256.jpg 839w, https:\/\/www.paris-b.com\/wp-content\/uploads\/2023\/11\/Zhang-Kechun-The-Sky-Garden-tree-00093-2021-Courtesy-Zhang-Kechun-PARIS-B-1026x1536.jpg 1026w, https:\/\/www.paris-b.com\/wp-content\/uploads\/2023\/11\/Zhang-Kechun-The-Sky-Garden-tree-00093-2021-Courtesy-Zhang-Kechun-PARIS-B-1368x2048.jpg 1368w, https:\/\/www.paris-b.com\/wp-content\/uploads\/2023\/11\/Zhang-Kechun-The-Sky-Garden-tree-00093-2021-Courtesy-Zhang-Kechun-PARIS-B-1200x1796.jpg 1200w\" sizes=\"(max-width: 709px) 85vw, (max-width: 909px) 67vw, (max-width: 1362px) 62vw, 840px\" \/>\t\t\t\t\t\t\t\t\t\t\t<figcaption class=\"widget-image-caption wp-caption-text\">Zhang Kechun, The Sky Garden, 2020-2021, impression pigmentaire, 110 x 77 cm; \u00e9dition de 6<\/figcaption>\n\t\t\t\t\t\t\t\t\t\t<\/figure>\n\t\t\t\t\t\t\t\t\t<\/div>\n\t\t\t\t<\/div>\n\t\t\t\t<div class=\"elementor-element elementor-element-c3e595b elementor-hidden-mobile elementor-widget elementor-widget-spacer\" data-id=\"c3e595b\" data-element_type=\"widget\" data-widget_type=\"spacer.default\">\n\t\t\t\t<div class=\"elementor-widget-container\">\n\t\t\t\t\t<div class=\"elementor-spacer\">\n\t\t\t<div class=\"elementor-spacer-inner\"><\/div>\n\t\t<\/div>\n\t\t\t\t<\/div>\n\t\t\t\t<\/div>\n\t\t\t\t<div class=\"elementor-element elementor-element-86e0730 elementor-hidden-tablet elementor-hidden-mobile elementor-widget elementor-widget-spacer\" data-id=\"86e0730\" data-element_type=\"widget\" data-widget_type=\"spacer.default\">\n\t\t\t\t<div class=\"elementor-widget-container\">\n\t\t\t\t\t<div class=\"elementor-spacer\">\n\t\t\t<div class=\"elementor-spacer-inner\"><\/div>\n\t\t<\/div>\n\t\t\t\t<\/div>\n\t\t\t\t<\/div>\n\t\t\t\t\t<\/div>\n\t\t<\/div>\n\t\t\t\t<div class=\"elementor-column elementor-col-25 elementor-top-column elementor-element elementor-element-0e3518c\" data-id=\"0e3518c\" data-element_type=\"column\">\n\t\t\t<div class=\"elementor-widget-wrap elementor-element-populated\">\n\t\t\t\t\t\t\t\t<div class=\"elementor-element elementor-element-0cb5a08 elementor-hidden-tablet elementor-hidden-mobile elementor-widget elementor-widget-spacer\" data-id=\"0cb5a08\" data-element_type=\"widget\" data-widget_type=\"spacer.default\">\n\t\t\t\t<div class=\"elementor-widget-container\">\n\t\t\t\t\t<div class=\"elementor-spacer\">\n\t\t\t<div class=\"elementor-spacer-inner\"><\/div>\n\t\t<\/div>\n\t\t\t\t<\/div>\n\t\t\t\t<\/div>\n\t\t\t\t<div class=\"elementor-element elementor-element-a5c0e9f elementor-hidden-tablet elementor-hidden-mobile elementor-widget elementor-widget-spacer\" data-id=\"a5c0e9f\" data-element_type=\"widget\" data-widget_type=\"spacer.default\">\n\t\t\t\t<div class=\"elementor-widget-container\">\n\t\t\t\t\t<div class=\"elementor-spacer\">\n\t\t\t<div class=\"elementor-spacer-inner\"><\/div>\n\t\t<\/div>\n\t\t\t\t<\/div>\n\t\t\t\t<\/div>\n\t\t\t\t\t<\/div>\n\t\t<\/div>\n\t\t\t\t\t\t\t<\/div>\n\t\t<\/section>\n\t\t\t\t<section class=\"elementor-section elementor-top-section elementor-element elementor-element-3660739 elementor-section-boxed elementor-section-height-default elementor-section-height-default\" data-id=\"3660739\" data-element_type=\"section\">\n\t\t\t\t\t\t<div class=\"elementor-container elementor-column-gap-default\">\n\t\t\t\t\t<div class=\"elementor-column elementor-col-100 elementor-top-column elementor-element elementor-element-3207379\" data-id=\"3207379\" data-element_type=\"column\">\n\t\t\t<div class=\"elementor-widget-wrap elementor-element-populated\">\n\t\t\t\t\t\t\t\t<div class=\"elementor-element elementor-element-4732ff0 elementor-widget elementor-widget-text-editor\" data-id=\"4732ff0\" data-element_type=\"widget\" data-widget_type=\"text-editor.default\">\n\t\t\t\t<div class=\"elementor-widget-container\">\n\t\t\t\t\t\t\t<p><em>Zhang Kechun est n\u00e9 \u00e0 Bazhong dans la province de Sichuan en 1980. Il vit et travaille actuellement \u00e0 Chengdu. Zhang a remport\u00e9 le prix D\u00e9couverte au Festival de la Photographie d\u2019Arles en France. Ses \u0153uvres ont \u00e9t\u00e9 pr\u00e9sent\u00e9es lors d\u2019expositions telles que le Mus\u00e9e de la Photographie en Allemagne, la Biennale d\u2019Art Contemporain de Bangkok et le Festival de la Photographie d\u2019Arles. Ses \u0153uvres examinent les paysages post-industriels de la Chine. Il capture des sc\u00e8nes \u00e9piques avec des appareils photo grand format qui rev\u00eatent une signification importante en termes d\u2019identit\u00e9 nationale. Zhang explore la relation entre le patrimoine culturel et l\u2019influence de la modernisation.<\/em><\/p><p><em><a href=\"https:\/\/www.paris-b.com\/fr\/artiste\/zhang-kechun\/\" target=\"_blank\" rel=\"noopener\"><span style=\"text-decoration: underline;\">En savoir plus l&rsquo;artiste<\/span><\/a><\/em><\/p>\t\t\t\t\t\t<\/div>\n\t\t\t\t<\/div>\n\t\t\t\t<div class=\"elementor-element elementor-element-e131c0a elementor-align-left elementor-widget elementor-widget-button\" data-id=\"e131c0a\" data-element_type=\"widget\" data-widget_type=\"button.default\">\n\t\t\t\t<div class=\"elementor-widget-container\">\n\t\t\t\t\t<div class=\"elementor-button-wrapper\">\n\t\t\t<a class=\"elementor-button elementor-button-link elementor-size-md\" href=\"#elementor-action%3Aaction%3Dpopup%3Aopen%26settings%3DeyJpZCI6MzI1NTksInRvZ2dsZSI6ZmFsc2V9\" artwork=\"Zhang Kechun - Catalogue of works\">\n\t\t\t\t\t\t<span class=\"elementor-button-content-wrapper\">\n\t\t\t\t\t\t<span class=\"elementor-button-text\">NOUS DEMANDER LE CATALOGUE DES OEUVRES DE ZHANG KECHUN<\/span>\n\t\t<\/span>\n\t\t\t\t\t<\/a>\n\t\t<\/div>\n\t\t\t\t<\/div>\n\t\t\t\t<\/div>\n\t\t\t\t<div class=\"elementor-element elementor-element-e6aa355 elementor-widget elementor-widget-spacer\" data-id=\"e6aa355\" data-element_type=\"widget\" data-widget_type=\"spacer.default\">\n\t\t\t\t<div class=\"elementor-widget-container\">\n\t\t\t\t\t<div class=\"elementor-spacer\">\n\t\t\t<div class=\"elementor-spacer-inner\"><\/div>\n\t\t<\/div>\n\t\t\t\t<\/div>\n\t\t\t\t<\/div>\n\t\t\t\t\t<\/div>\n\t\t<\/div>\n\t\t\t\t\t\t\t<\/div>\n\t\t<\/section>\n\t\t\t\t\t\t\t<\/div>\n\t\t","protected":false},"featured_media":30071,"parent":0,"menu_order":0,"template":"elementor_header_footer","format":"standard","acf":[],"yoast_head":"<!-- This site is optimized with the Yoast SEO plugin v21.8.1 - https:\/\/yoast.com\/wordpress\/plugins\/seo\/ -->\n<title>PARIS PHOTO 2023 | Viewing Room<\/title>\n<meta name=\"description\" content=\"PARIS\u00b7B a le plaisir d&#039;annoncer sa participation \u00e0 PARIS PHOTO 2023 avec une s\u00e9lection d&#039;oeuvres par Baptiste Rabichon, Dune Varela, Yang Yongliang et Zhang Kechun.\" \/>\n<meta name=\"robots\" content=\"index, follow, max-snippet:-1, max-image-preview:large, max-video-preview:-1\" \/>\n<link rel=\"canonical\" href=\"https:\/\/www.paris-b.com\/fr\/viewing-room\/paris-photo-2023-vr\/\" \/>\n<meta property=\"og:locale\" content=\"fr_FR\" \/>\n<meta property=\"og:type\" content=\"article\" \/>\n<meta property=\"og:title\" content=\"Paris Photo 2023 - Viewing Room\" \/>\n<meta property=\"og:description\" content=\"PARIS\u00b7B a le plaisir d&#039;annoncer sa participation \u00e0 PARIS PHOTO 2023 avec une s\u00e9lection d&#039;oeuvres par Baptiste Rabichon, Dune Varela, Yang Yongliang et Zhang Kechun.\" \/>\n<meta property=\"og:url\" content=\"https:\/\/www.paris-b.com\/fr\/viewing-room\/paris-photo-2023-vr\/\" \/>\n<meta property=\"og:site_name\" content=\"PARIS\u00b7B\" \/>\n<meta property=\"article:publisher\" content=\"https:\/\/www.facebook.com\/GalerieParisB\" \/>\n<meta property=\"article:modified_time\" content=\"2024-12-12T16:09:45+00:00\" \/>\n<meta property=\"og:image\" content=\"https:\/\/www.paris-b.com\/wp-content\/uploads\/2023\/11\/Vignette_PARIS-PHOTO_VR_1200-x-1200.jpg\" \/>\n\t<meta property=\"og:image:width\" content=\"1200\" \/>\n\t<meta property=\"og:image:height\" content=\"1200\" \/>\n\t<meta property=\"og:image:type\" content=\"image\/jpeg\" \/>\n<meta name=\"twitter:card\" content=\"summary_large_image\" \/>\n<meta name=\"twitter:title\" content=\"Liu Bolin - Viewing Room\" \/>\n<meta name=\"twitter:image\" content=\"https:\/\/www.paris-b.com\/wp-content\/uploads\/2020\/12\/liu-bolin-spain-magazine-.jpg\" \/>\n<meta name=\"twitter:label1\" content=\"Dur\u00e9e de lecture estim\u00e9e\" \/>\n\t<meta name=\"twitter:data1\" content=\"5 minutes\" \/>\n<script type=\"application\/ld+json\" class=\"yoast-schema-graph\">{\"@context\":\"https:\/\/schema.org\",\"@graph\":[{\"@type\":\"WebPage\",\"@id\":\"https:\/\/www.paris-b.com\/fr\/viewing-room\/paris-photo-2023-vr\/\",\"url\":\"https:\/\/www.paris-b.com\/fr\/viewing-room\/paris-photo-2023-vr\/\",\"name\":\"PARIS PHOTO 2023 | Viewing Room\",\"isPartOf\":{\"@id\":\"https:\/\/www.paris-b.com\/#website\"},\"datePublished\":\"2023-11-02T15:08:54+00:00\",\"dateModified\":\"2024-12-12T16:09:45+00:00\",\"description\":\"PARIS\u00b7B a le plaisir d'annoncer sa participation \u00e0 PARIS PHOTO 2023 avec une s\u00e9lection d'oeuvres par Baptiste Rabichon, Dune Varela, Yang Yongliang et Zhang Kechun.\",\"breadcrumb\":{\"@id\":\"https:\/\/www.paris-b.com\/fr\/viewing-room\/paris-photo-2023-vr\/#breadcrumb\"},\"inLanguage\":\"fr-FR\",\"potentialAction\":[{\"@type\":\"ReadAction\",\"target\":[\"https:\/\/www.paris-b.com\/fr\/viewing-room\/paris-photo-2023-vr\/\"]}]},{\"@type\":\"BreadcrumbList\",\"@id\":\"https:\/\/www.paris-b.com\/fr\/viewing-room\/paris-photo-2023-vr\/#breadcrumb\",\"itemListElement\":[{\"@type\":\"ListItem\",\"position\":1,\"name\":\"Home\",\"item\":\"https:\/\/www.paris-b.com\/fr\/accueil-elementor\/\"},{\"@type\":\"ListItem\",\"position\":2,\"name\":\"PARIS PHOTO 2023\"}]},{\"@type\":\"WebSite\",\"@id\":\"https:\/\/www.paris-b.com\/#website\",\"url\":\"https:\/\/www.paris-b.com\/\",\"name\":\"PARIS\u00b7B\",\"description\":\"Contemporary Art Gallery in Paris\",\"publisher\":{\"@id\":\"https:\/\/www.paris-b.com\/#organization\"},\"potentialAction\":[{\"@type\":\"SearchAction\",\"target\":{\"@type\":\"EntryPoint\",\"urlTemplate\":\"https:\/\/www.paris-b.com\/?s={search_term_string}\"},\"query-input\":\"required name=search_term_string\"}],\"inLanguage\":\"fr-FR\"},{\"@type\":\"Organization\",\"@id\":\"https:\/\/www.paris-b.com\/#organization\",\"name\":\"Galerie Paris-B\",\"url\":\"https:\/\/www.paris-b.com\/\",\"logo\":{\"@type\":\"ImageObject\",\"inLanguage\":\"fr-FR\",\"@id\":\"https:\/\/www.paris-b.com\/#\/schema\/logo\/image\/\",\"url\":\"https:\/\/www.paris-b.com\/wp-content\/uploads\/2022\/03\/logo_paris-b.jpg\",\"contentUrl\":\"https:\/\/www.paris-b.com\/wp-content\/uploads\/2022\/03\/logo_paris-b.jpg\",\"width\":300,\"height\":100,\"caption\":\"Galerie Paris-B\"},\"image\":{\"@id\":\"https:\/\/www.paris-b.com\/#\/schema\/logo\/image\/\"},\"sameAs\":[\"https:\/\/www.facebook.com\/GalerieParisB\",\"https:\/\/www.instagram.com\/galerieparisb\",\"https:\/\/www.pinterest.com\/galerieparisb\"]}]}<\/script>\n<!-- \/ Yoast SEO plugin. -->","yoast_head_json":{"title":"PARIS PHOTO 2023 | Viewing Room","description":"PARIS\u00b7B a le plaisir d'annoncer sa participation \u00e0 PARIS PHOTO 2023 avec une s\u00e9lection d'oeuvres par Baptiste Rabichon, Dune Varela, Yang Yongliang et Zhang Kechun.","robots":{"index":"index","follow":"follow","max-snippet":"max-snippet:-1","max-image-preview":"max-image-preview:large","max-video-preview":"max-video-preview:-1"},"canonical":"https:\/\/www.paris-b.com\/fr\/viewing-room\/paris-photo-2023-vr\/","og_locale":"fr_FR","og_type":"article","og_title":"Paris Photo 2023 - Viewing Room","og_description":"PARIS\u00b7B a le plaisir d'annoncer sa participation \u00e0 PARIS PHOTO 2023 avec une s\u00e9lection d'oeuvres par Baptiste Rabichon, Dune Varela, Yang Yongliang et Zhang Kechun.","og_url":"https:\/\/www.paris-b.com\/fr\/viewing-room\/paris-photo-2023-vr\/","og_site_name":"PARIS\u00b7B","article_publisher":"https:\/\/www.facebook.com\/GalerieParisB","article_modified_time":"2024-12-12T16:09:45+00:00","og_image":[{"width":1200,"height":1200,"url":"https:\/\/www.paris-b.com\/wp-content\/uploads\/2023\/11\/Vignette_PARIS-PHOTO_VR_1200-x-1200.jpg","type":"image\/jpeg"}],"twitter_card":"summary_large_image","twitter_title":"Liu Bolin - Viewing Room","twitter_image":"https:\/\/www.paris-b.com\/wp-content\/uploads\/2020\/12\/liu-bolin-spain-magazine-.jpg","twitter_misc":{"Dur\u00e9e de lecture estim\u00e9e":"5 minutes"},"schema":{"@context":"https:\/\/schema.org","@graph":[{"@type":"WebPage","@id":"https:\/\/www.paris-b.com\/fr\/viewing-room\/paris-photo-2023-vr\/","url":"https:\/\/www.paris-b.com\/fr\/viewing-room\/paris-photo-2023-vr\/","name":"PARIS PHOTO 2023 | Viewing Room","isPartOf":{"@id":"https:\/\/www.paris-b.com\/#website"},"datePublished":"2023-11-02T15:08:54+00:00","dateModified":"2024-12-12T16:09:45+00:00","description":"PARIS\u00b7B a le plaisir d'annoncer sa participation \u00e0 PARIS PHOTO 2023 avec une s\u00e9lection d'oeuvres par Baptiste Rabichon, Dune Varela, Yang Yongliang et Zhang Kechun.","breadcrumb":{"@id":"https:\/\/www.paris-b.com\/fr\/viewing-room\/paris-photo-2023-vr\/#breadcrumb"},"inLanguage":"fr-FR","potentialAction":[{"@type":"ReadAction","target":["https:\/\/www.paris-b.com\/fr\/viewing-room\/paris-photo-2023-vr\/"]}]},{"@type":"BreadcrumbList","@id":"https:\/\/www.paris-b.com\/fr\/viewing-room\/paris-photo-2023-vr\/#breadcrumb","itemListElement":[{"@type":"ListItem","position":1,"name":"Home","item":"https:\/\/www.paris-b.com\/fr\/accueil-elementor\/"},{"@type":"ListItem","position":2,"name":"PARIS PHOTO 2023"}]},{"@type":"WebSite","@id":"https:\/\/www.paris-b.com\/#website","url":"https:\/\/www.paris-b.com\/","name":"PARIS\u00b7B","description":"Contemporary Art Gallery in Paris","publisher":{"@id":"https:\/\/www.paris-b.com\/#organization"},"potentialAction":[{"@type":"SearchAction","target":{"@type":"EntryPoint","urlTemplate":"https:\/\/www.paris-b.com\/?s={search_term_string}"},"query-input":"required name=search_term_string"}],"inLanguage":"fr-FR"},{"@type":"Organization","@id":"https:\/\/www.paris-b.com\/#organization","name":"Galerie Paris-B","url":"https:\/\/www.paris-b.com\/","logo":{"@type":"ImageObject","inLanguage":"fr-FR","@id":"https:\/\/www.paris-b.com\/#\/schema\/logo\/image\/","url":"https:\/\/www.paris-b.com\/wp-content\/uploads\/2022\/03\/logo_paris-b.jpg","contentUrl":"https:\/\/www.paris-b.com\/wp-content\/uploads\/2022\/03\/logo_paris-b.jpg","width":300,"height":100,"caption":"Galerie Paris-B"},"image":{"@id":"https:\/\/www.paris-b.com\/#\/schema\/logo\/image\/"},"sameAs":["https:\/\/www.facebook.com\/GalerieParisB","https:\/\/www.instagram.com\/galerieparisb","https:\/\/www.pinterest.com\/galerieparisb"]}]}},"_links":{"self":[{"href":"https:\/\/www.paris-b.com\/fr\/wp-json\/wp\/v2\/viewing-room\/38525"}],"collection":[{"href":"https:\/\/www.paris-b.com\/fr\/wp-json\/wp\/v2\/viewing-room"}],"about":[{"href":"https:\/\/www.paris-b.com\/fr\/wp-json\/wp\/v2\/types\/viewing-room"}],"version-history":[{"count":1,"href":"https:\/\/www.paris-b.com\/fr\/wp-json\/wp\/v2\/viewing-room\/38525\/revisions"}],"predecessor-version":[{"id":44227,"href":"https:\/\/www.paris-b.com\/fr\/wp-json\/wp\/v2\/viewing-room\/38525\/revisions\/44227"}],"wp:featuredmedia":[{"embeddable":true,"href":"https:\/\/www.paris-b.com\/fr\/wp-json\/wp\/v2\/media\/30071"}],"wp:attachment":[{"href":"https:\/\/www.paris-b.com\/fr\/wp-json\/wp\/v2\/media?parent=38525"}],"curies":[{"name":"wp","href":"https:\/\/api.w.org\/{rel}","templated":true}]}}